{"id":149,"date":"2026-01-03T13:43:54","date_gmt":"2026-01-03T12:43:54","guid":{"rendered":"https:\/\/www.sanktgabriel.de\/?page_id=149"},"modified":"2026-01-03T13:50:23","modified_gmt":"2026-01-03T12:50:23","slug":"themenfelder-in-der-seelsorge-im-dekanat-muenchen-nordost","status":"publish","type":"page","link":"https:\/\/www.sanktgabriel.de\/index.php\/themenfelder-in-der-seelsorge-im-dekanat-muenchen-nordost\/","title":{"rendered":"Themenfelder in der Seelsorge im Dekanat M\u00fcnchen-Nordost"},"content":{"rendered":"\n<p><a href=\"httpss:\/\/www.facebook.com\/sharer.php?u=httpss:\/\/www.sanktgabriel.de\/index.php\/wir-ueber-uns\/themenfelder-der-seelsorge\"><\/a><\/p>\n\n\n\n<p>Die Erzdi\u00f6zese hat Stellen geschaffen, um die Seelsorge in den Bereichen Jugend, Senioren und Krankheit zu st\u00e4rken. Diese Stellen wirken \u00fcber Pfarreien und Pfarrverb\u00e4nde hinaus und arbeiten themenorientiert in gr\u00f6\u00dferen Netzwerken zusammen. Der zusammengefasste Sozialraum umfasst dabei den gesamten M\u00fcnchner Nordosten und den dort angrenzenden Landkreis.<\/p>\n\n\n\n<h2 class=\"wp-block-heading\">Annette Fr\u00f6hlich<\/h2>\n\n\n\n<div class=\"wp-block-media-text is-stacked-on-mobile\" style=\"grid-template-columns:38% auto\"><figure class=\"wp-block-media-text__media\"><img loading=\"lazy\" decoding=\"async\" width=\"325\" height=\"217\" src=\"https:\/\/www.sanktgabriel.de\/wp-content\/uploads\/2026\/01\/Froehlich.png\" alt=\"\" class=\"wp-image-150 size-full\" srcset=\"https:\/\/www.sanktgabriel.de\/wp-content\/uploads\/2026\/01\/Froehlich.png 325w, https:\/\/www.sanktgabriel.de\/wp-content\/uploads\/2026\/01\/Froehlich-300x200.png 300w\" sizes=\"auto, (max-width: 325px) 100vw, 325px\" \/><\/figure><div class=\"wp-block-media-text__content\">\n<p><em>Jugendpastoral Dekanat M\u00fcnchen-Nordost<\/em><br><br>B\u00fcro und Treffpunkt f\u00fcr Jugendliche:<br><strong>Base ONe<\/strong>\u00a0\u2013\u00a0<strong>Zentrum f\u00fcr kirchliche Jugendarbeit<\/strong><br>Gravelottestr. 7, 81667 M\u00fcnchen (Ostbahnhof)<br>Tel.: 089\/ 14 83 87 26 od. 0171\/ 22 48 361<br><a href=\"mailto:afroehlich@eja-muenchen.de\"><\/a><a href=\"mailto:afroehlich@eja-muenchen.de\">afroehlich@eja-muenchen.de<\/a><\/p>\n\n\n\n<p>Foto: Dekanat M\u00fcnchen-Nordost<\/p>\n<\/div><\/div>\n\n\n\n<p>ch arbeite an der Base ONe in einem interdisziplin\u00e4ren Team mit 2 Sozialp\u00e4daginnen. F\u00fcr unser Gebiet sind zus\u00e4tzlich 5 halbe Stellen f\u00fcr Jugendseelsorger:innen vorgesehen, die die Jugendarbeit von je 2-3 Pfarrverb\u00e4nde vor Ort in den Blick nehmen sollen.<br><br>Unsere Arbeit mit Jugendlichen, Ehrenamtlichen und Hauptamtlichen in der Jugendarbeit umfasst 7 Bereiche:<\/p>\n\n\n\n<ul class=\"wp-block-list\">\n<li>Pers\u00f6nlichkeitsbildung und -entwicklung (v.a. Wochenenden, Fahrten)<\/li>\n\n\n\n<li>Beratung, Begleitung und Unterst\u00fctzung in allen Lebenslagen<\/li>\n\n\n\n<li>Au\u00dferschulische Bildung, dazu geh\u00f6ren Qualifizierung zur Gruppen und Projektleitung, sowie politische Bildung<\/li>\n\n\n\n<li>Angebote in jugendgerechter Spiritualit\u00e4t, Gebet und Meditation<\/li>\n\n\n\n<li>Schulprojekte zur F\u00f6rderung von Klassengemeinschaft<\/li>\n\n\n\n<li>Vernetzung verschiedener Partner in der Jugendarbeit<\/li>\n\n\n\n<li>Gestaltung neuer Strukturen in der kirchlichen Jugendarbeit<\/li>\n<\/ul>\n\n\n\n<p><br>N\u00e4here Infos zu unserer Arbeit:&nbsp;<a href=\"https:\/\/www.base-nord-ost.de\/\">www.base-nord-ost.de<\/a><\/p>\n\n\n\n<h2 class=\"wp-block-heading\">Klaus Klonowski<\/h2>\n\n\n\n<div class=\"wp-block-media-text is-stacked-on-mobile\" style=\"grid-template-columns:38% auto\"><figure class=\"wp-block-media-text__media\"><img loading=\"lazy\" decoding=\"async\" width=\"325\" height=\"217\" src=\"https:\/\/www.sanktgabriel.de\/wp-content\/uploads\/2026\/01\/Klonowski.png\" alt=\"\" class=\"wp-image-151 size-full\" srcset=\"https:\/\/www.sanktgabriel.de\/wp-content\/uploads\/2026\/01\/Klonowski.png 325w, https:\/\/www.sanktgabriel.de\/wp-content\/uploads\/2026\/01\/Klonowski-300x200.png 300w\" sizes=\"auto, (max-width: 325px) 100vw, 325px\" \/><\/figure><div class=\"wp-block-media-text__content\">\n<p><em>Seniorenpastoral Dekanat M\u00fcnchen-Nordost<\/em><br><br>B\u00fcro: Kath. Pfarramt St. Valentin<br>St.-Valentin-Weg 1, 85774 Unterf\u00f6hring<br>Tel. 0160 8223 140<br><a href=\"mailto:KKlonowski@ebmuc.de\">KKlonowski@ebmuc.de<\/a><\/p>\n\n\n\n<p>Foto: Dekanat M\u00fcnchen-Nordost<\/p>\n<\/div><\/div>\n\n\n\n<p>Zus\u00e4tzlich sind 6 halbe Stellen f\u00fcr Seniorenseelsorger:innen im gesamten Dekanat vorgesehen.<br><br>F\u00fcr folgende Aufgaben sind wir ansprechbar:&nbsp;<\/p>\n\n\n\n<ul class=\"wp-block-list\">\n<li>Begleitung von Ehren- und Hauptamtlichen Menschen, die sich f\u00fcr Senior:innen \u2013 zuhause oder in Einrichtungen engagieren<\/li>\n\n\n\n<li>Vernetzung mit Einrichtungen und Akteuren der Seniorenhilfe auf kommunaler und Landkreisebene<\/li>\n\n\n\n<li>Unterst\u00fctzung von Angeh\u00f6rigen und Pflegenden, die sich um von Demenz betroffene Menschen sorgen\u00a0<\/li>\n\n\n\n<li>Fachliche Wahrnehmung der Lebensphase Alter mit ihren spezifischen Herausforderungen, Bed\u00fcrfnissen, aber auch Ressourcen. Orientierung an einer Spiritualit\u00e4t, die das gelebte Leben w\u00fcrdigen und deuten hilft.\u00a0<\/li>\n<\/ul>\n\n\n\n<h2 class=\"wp-block-heading\">Maximilian Seidinger<\/h2>\n\n\n\n<div class=\"wp-block-media-text is-stacked-on-mobile\" style=\"grid-template-columns:40% auto\"><figure class=\"wp-block-media-text__media\"><img loading=\"lazy\" decoding=\"async\" width=\"325\" height=\"217\" src=\"https:\/\/www.sanktgabriel.de\/wp-content\/uploads\/2026\/01\/Seidinger.png\" alt=\"\" class=\"wp-image-155 size-full\" srcset=\"https:\/\/www.sanktgabriel.de\/wp-content\/uploads\/2026\/01\/Seidinger.png 325w, https:\/\/www.sanktgabriel.de\/wp-content\/uploads\/2026\/01\/Seidinger-300x200.png 300w\" sizes=\"auto, (max-width: 325px) 100vw, 325px\" \/><\/figure><div class=\"wp-block-media-text__content\">\n<p>\u00a0<em>Krankenpastoral Dekanat M\u00fcnchen-Nordost<\/em><br><br>B\u00fcro der Krankenpastoral im Dekanat: Daphnestra\u00dfe 29, 81925 M\u00fcnchen.<br>Telefon: 089 2137 77 426<br><a href=\"mailto:krankenpastoral-muenchen-no@eomuc.de\"><\/a><a href=\"mailto:krankenpastoral-muenchen-no@eomuc.de\">krankenpastoral-muenchen-no@eomuc.de<\/a><\/p>\n\n\n\n<p>Foto: Dekanat M\u00fcnchen-Nordost<\/p>\n<\/div><\/div>\n\n\n\n<h2 class=\"wp-block-heading\">Martina Sang<\/h2>\n\n\n\n<div class=\"wp-block-media-text is-stacked-on-mobile\" style=\"grid-template-columns:24% auto\"><figure class=\"wp-block-media-text__media\"><img loading=\"lazy\" decoding=\"async\" width=\"158\" height=\"200\" src=\"https:\/\/www.sanktgabriel.de\/wp-content\/uploads\/2026\/01\/Sang.png\" alt=\"\" class=\"wp-image-156 size-full\"\/><\/figure><div class=\"wp-block-media-text__content\">\n<p>Frau Pastoralreferentin Martina Sang &#8211; jetzt Seniorenpastoral &#8211; hat ihr B\u00fcro in St. Rita:<br><br>Daphnestra\u00dfe 29, 81925 M\u00fcnchen<br>Tel. 089 2137 77 427<\/p>\n\n\n\n<p><\/p>\n<\/div><\/div>\n\n\n\n<p><\/p>\n\n\n\n<p>Wir sind u.a. ansprechbar:<\/p>\n\n\n\n<ul class=\"wp-block-list\">\n<li>f\u00fcr Haupt- und Ehrenamtliche in Pfarreien, wenn Unterst\u00fctzung bei den Themen Krankheit und Seelsorge \/ Spiritualit\u00e4t gebraucht wird. Wir unterst\u00fctzen bei der Begleitung von Kranken zu Hause.<\/li>\n\n\n\n<li>f\u00fcr die Fortbildung von Ehrenamtlichen von Besuchsdiensten, Hauskommunion\u2026<\/li>\n\n\n\n<li>f\u00fcr alle, die im Gesundheitswesen t\u00e4tig sind, wenn es um spirituelle Fragen beim Thema Krankheit geht. Wir vernetzen uns mit anderen im Gesundheitswesen t\u00e4tigen Einrichtungen und Akteuren auf st\u00e4dtischer und kommunaler Ebene.<\/li>\n<\/ul>\n","protected":false},"excerpt":{"rendered":"<p>Die Erzdi\u00f6zese hat Stellen geschaffen, um die Seelsorge in den Bereichen Jugend, Senioren und Krankheit zu st\u00e4rken. Diese Stellen wirken \u00fcber Pfarreien und Pfarrverb\u00e4nde hinaus und arbeiten themenorientiert in gr\u00f6\u00dferen Netzwerken zusammen. Der zusammengefasste Sozialraum umfasst dabei den gesamten M\u00fcnchner &hellip; <a href=\"https:\/\/www.sanktgabriel.de\/index.php\/themenfelder-in-der-seelsorge-im-dekanat-muenchen-nordost\/\">Weiterlesen <span class=\"meta-nav\">&rarr;<\/span><\/a><\/p>\n","protected":false},"author":1,"featured_media":0,"parent":0,"menu_order":0,"comment_status":"closed","ping_status":"closed","template":"","meta":{"_mc_calendar":[],"footnotes":""},"class_list":["post-149","page","type-page","status-publish","hentry"],"_links":{"self":[{"href":"https:\/\/www.sanktgabriel.de\/index.php\/wp-json\/wp\/v2\/pages\/149","targetHints":{"allow":["GET"]}}],"collection":[{"href":"https:\/\/www.sanktgabriel.de\/index.php\/wp-json\/wp\/v2\/pages"}],"about":[{"href":"https:\/\/www.sanktgabriel.de\/index.php\/wp-json\/wp\/v2\/types\/page"}],"author":[{"embeddable":true,"href":"https:\/\/www.sanktgabriel.de\/index.php\/wp-json\/wp\/v2\/users\/1"}],"replies":[{"embeddable":true,"href":"https:\/\/www.sanktgabriel.de\/index.php\/wp-json\/wp\/v2\/comments?post=149"}],"version-history":[{"count":4,"href":"https:\/\/www.sanktgabriel.de\/index.php\/wp-json\/wp\/v2\/pages\/149\/revisions"}],"predecessor-version":[{"id":158,"href":"https:\/\/www.sanktgabriel.de\/index.php\/wp-json\/wp\/v2\/pages\/149\/revisions\/158"}],"wp:attachment":[{"href":"https:\/\/www.sanktgabriel.de\/index.php\/wp-json\/wp\/v2\/media?parent=149"}],"curies":[{"name":"wp","href":"https:\/\/api.w.org\/{rel}","templated":true}]}}