{"id":294,"date":"2026-01-04T15:05:53","date_gmt":"2026-01-04T14:05:53","guid":{"rendered":"https:\/\/www.sanktgabriel.de\/?page_id=294"},"modified":"2026-01-04T15:05:53","modified_gmt":"2026-01-04T14:05:53","slug":"jugend","status":"publish","type":"page","link":"https:\/\/www.sanktgabriel.de\/index.php\/jugend\/","title":{"rendered":"Jugend"},"content":{"rendered":"\n<h2 class=\"wp-block-heading\">Die Verantwortlichen Runde<\/h2>\n\n\n\n<figure class=\"wp-block-image size-full\"><img loading=\"lazy\" decoding=\"async\" width=\"640\" height=\"428\" src=\"https:\/\/www.sanktgabriel.de\/wp-content\/uploads\/2026\/01\/VR_2024.jpeg\" alt=\"\" class=\"wp-image-295\" srcset=\"https:\/\/www.sanktgabriel.de\/wp-content\/uploads\/2026\/01\/VR_2024.jpeg 640w, https:\/\/www.sanktgabriel.de\/wp-content\/uploads\/2026\/01\/VR_2024-300x201.jpeg 300w, https:\/\/www.sanktgabriel.de\/wp-content\/uploads\/2026\/01\/VR_2024-624x417.jpeg 624w\" sizes=\"auto, (max-width: 640px) 100vw, 640px\" \/><\/figure>\n\n\n\n<p>Die Verantwortlichen Runde ist die Pfarrjugend in Sankt Gabriel M\u00fcnchen. Wir leiten Aktionen und Veranstaltungen f\u00fcr Kinder und Jugendliche in und rund um unsere Pfarrei in die Wege.<\/p>\n\n\n\n<p>Der H\u00f6hepunkt der Jugendarbeit von Sankt Gabriel neben vielen weiteren Aktionen ist das altbew\u00e4hrte\u00a0<strong>Zeltlager<\/strong>. 2026 fahren wir an den Jugendzeltplatz am Abtsee und spannen unsere Zelte auf. Eine Woche lang verbringen wir jeden Tag drau\u00dfen: im nah gelegenen See schwimmen, Gel\u00e4ndespiele starten und abends gemeinsam ans lodernde Lagerfeuer gesellen. Wir freuen uns bereits auf zahlreiche Teilnehmer und eine spannende Woche. Die Anmeldeunterlagen sind nach den Osterferien im Pfarrb\u00fcro erh\u00e4ltlich und liegen hinten in der Kirche aus (fr\u00fchzeitig wird dies \u00fcber unsere Sozialen Kan\u00e4le bekannt gegeben; siehe unten).<\/p>\n\n\n\n<p>Jeden Monat ist ein Mittwochabend \u201e<strong>Offene Teestube<\/strong>\u201c: ein offenes Treffen f\u00fcr Jugendliche ab dem Firmungsalter. Ratschn, Kicker spielen, Fu\u00dfball oder Filme schauen oder einfach gem\u00fctlich zusammensitzen, hier in unseren R\u00e4umlichkeiten in der Braystra\u00dfe 15 ist vieles m\u00f6glich. Freunde oder Bekannte mitbringen erw\u00fcnscht! F\u00fcr Getr\u00e4nke und Musik ist gesorgt.<\/p>\n\n\n\n<p>Diese und einige weitere Aktionen ben\u00f6tigt allerdings auch Organisation und Koordination, weshalb wir uns monatlich zu einer&nbsp;<strong>VR-Sitzung<\/strong>&nbsp;treffen. Zum Jahresende fahren f\u00fcr ein Wochenende zusammen weg und machen wir Pl\u00e4ne f\u00fcr das n\u00e4chste Jahr. Die Beteiligung an der VR soll ein gemeinschaftliches&nbsp;<strong>Ehrenamt<\/strong>&nbsp;bieten, in der man sich selbst verwirklichen kann, kreativ wird, eigenst\u00e4ndig Aufgaben \u00fcbernehmen kann und vor allem&nbsp;<strong>Spa\u00df an der Gemeinschaft<\/strong>&nbsp;und den Projekten hat.<\/p>\n\n\n\n<p>Davon kann man sich am Besten einen pers\u00f6nlichen Eindruck machen.&nbsp;<strong>Herzlich eingeladen<\/strong>&nbsp;einfach mal vorbeizuschauen sind alle Jugendlichen ab dem Firmungsalter (~14 Jahre). Wir freuen uns immer \u00fcber Besuch und \u201eNachwuchs\u201c!<\/p>\n\n\n\n<p>Unsere aktuelle Pfarrjugendleitung besteht aus:<br>Antonius Gerads, Elena Kelbch, Benno K\u00f6rner und Christin Maurus.<\/p>\n\n\n\n<p>Viele Eindr\u00fccke unserer Arbeit gibt es regelm\u00e4\u00dfig auf Facebook und Instagram:&nbsp;<strong>@vrsanktgabriel<\/strong><\/p>\n\n\n\n<p>Anfragen, unsere Jugendarbeit in Sankt Gabriel betreffen, k\u00f6nnen uns gerne per Email gerichtet werden:\u00a0<a href=\"mailto:jugend@sanktgabriel.de\">jugend@sanktgabriel.de<\/a><br><\/p>\n","protected":false},"excerpt":{"rendered":"<p>Die Verantwortlichen Runde Die Verantwortlichen Runde ist die Pfarrjugend in Sankt Gabriel M\u00fcnchen. Wir leiten Aktionen und Veranstaltungen f\u00fcr Kinder und Jugendliche in und rund um unsere Pfarrei in die Wege. Der H\u00f6hepunkt der Jugendarbeit von Sankt Gabriel neben vielen &hellip; <a href=\"https:\/\/www.sanktgabriel.de\/index.php\/jugend\/\">Weiterlesen <span class=\"meta-nav\">&rarr;<\/span><\/a><\/p>\n","protected":false},"author":1,"featured_media":0,"parent":0,"menu_order":0,"comment_status":"closed","ping_status":"closed","template":"","meta":{"_mc_calendar":[],"footnotes":""},"class_list":["post-294","page","type-page","status-publish","hentry"],"_links":{"self":[{"href":"https:\/\/www.sanktgabriel.de\/index.php\/wp-json\/wp\/v2\/pages\/294","targetHints":{"allow":["GET"]}}],"collection":[{"href":"https:\/\/www.sanktgabriel.de\/index.php\/wp-json\/wp\/v2\/pages"}],"about":[{"href":"https:\/\/www.sanktgabriel.de\/index.php\/wp-json\/wp\/v2\/types\/page"}],"author":[{"embeddable":true,"href":"https:\/\/www.sanktgabriel.de\/index.php\/wp-json\/wp\/v2\/users\/1"}],"replies":[{"embeddable":true,"href":"https:\/\/www.sanktgabriel.de\/index.php\/wp-json\/wp\/v2\/comments?post=294"}],"version-history":[{"count":1,"href":"https:\/\/www.sanktgabriel.de\/index.php\/wp-json\/wp\/v2\/pages\/294\/revisions"}],"predecessor-version":[{"id":297,"href":"https:\/\/www.sanktgabriel.de\/index.php\/wp-json\/wp\/v2\/pages\/294\/revisions\/297"}],"wp:attachment":[{"href":"https:\/\/www.sanktgabriel.de\/index.php\/wp-json\/wp\/v2\/media?parent=294"}],"curies":[{"name":"wp","href":"https:\/\/api.w.org\/{rel}","templated":true}]}}